{"id":18,"date":"2021-09-25T10:41:29","date_gmt":"2021-09-25T08:41:29","guid":{"rendered":"https:\/\/labeilleardennaise.fr\/?page_id=18"},"modified":"2026-01-23T12:12:22","modified_gmt":"2026-01-23T11:12:22","slug":"adhesions-fermees","status":"publish","type":"page","link":"https:\/\/labeilleardennaise.fr\/index.php\/adhesions-fermees\/","title":{"rendered":"Adh\u00e9sions"},"content":{"rendered":"\n<div id=\"main\">\n  <h3 class=\"text-danger text-center\">\n    LES ADH\u00c9SIONS SONT FERM\u00c9ES<br>\n    R\u00c9OUVERTURE EN FIN D&rsquo;ANN\u00c9E, \u00c0 LA DATE DE LA PROCHAINE AG\n  <\/h3>\n\n  <p class=\"text-danger\">\n    Apr\u00e8s avoir cliqu\u00e9 sur \u00ab\u00a0Valider votre demande\u00a0\u00bb, vous recevrez dans l&rsquo;heure un mail de confirmation sur l&rsquo;adresse que vous avez indiqu\u00e9. Si cela n&rsquo;est pas le cas, c&rsquo;est que votre demande n&rsquo;a pas \u00e9t\u00e9 prise en compte.\n  <\/p>\n\n  <p class=\"text-primary\">\n    Si vous n&rsquo;\u00eates pas encore adh\u00e9rent, vous pouvez, \u00e0 l&rsquo;aide du formulaire ci-dessous, nous laisser vos coordonn\u00e9es afin de vous recontacter pour la prochaine ouverture des adh\u00e9sions et commandes de mat\u00e9riel.<br>\n  <\/p>\n\n  <p class=\"text-success\">\n    Si vous souhaitez souscrire une assurance ou prendre la revue \u00ab\u00a0L\u2019Abeille de France\u00a0\u00bb, rendrez-vous directement sur le <a href=\"https:\/\/www.labeilledefrance.com\/sabonner-en-ligne\/formules-dabonnement\/\">Site du SNA<\/a>.\n  <\/p>\n\n  <form id=\"mainForm\" action=\"\/gestion\/adhesionPost.php\" method=\"POST\" onsubmit=\"event.preventDefault(); sending();\">\n    <div class=\"card mb-3\">\n      <h5 class=\"card-header\">Vos coordonn\u00e9es &#8211; <span class=\"text-danger\">REMPLIR TOUS LES CHAMPS<\/span><\/h5>\n      <div class=\"card-body\">\n\n        <div class=\"row\">\n          <div class=\"col\">\n            <label for=\"nom\">NOM<\/label>\n            <input id=\"nom\" class=\"mb-3\" type=\"text\" name=\"nom\" required>\n          <\/div>\n          <div class=\"col\">\n            <label for=\"prenom\">Pr\u00e9nom<\/label>\n            <input id=\"prenom\" class=\"mb-3\" type=\"text\" name=\"prenom\" required>\n          <\/div>\n        <\/div>\n\n        <div class=\"row\">\n          <div class=\"col\">\n            <label for=\"mail\">Mail<\/label>\n            <input id=\"mail\" class=\"mb-3\" type=\"email\" name=\"mail\" required>\n          <\/div>\n          <div class=\"col\">\n            <label for=\"telephone\">T\u00e9l\u00e9phone<\/label>\n            <input id=\"telephone\" class=\"mb-3\" type=\"tel\" name=\"telephone\" required>\n          <\/div>\n        <\/div>\n      <\/div>\n    <\/div>\n\n    <input type=\"hidden\" name=\"formWithSNA\" value=\"0\">\n\n<!-- Captcha Google -->\n    <input type=\"hidden\" name=\"captcha-response\" id=\"captcha-response\">\n\n    <input class=\"w-100 mb-3\" type=\"submit\" value=\"Valider votre demande\">\n  <\/form>\n<\/div>\n<div id=\"loading\" class=\"d-none\">\n    <h4>Votre demande est en cours d&rsquo;envoi, veuillez patienter&#8230;<\/h4>\n<\/div>\n\n<script src=\"https:\/\/www.google.com\/recaptcha\/api.js?render=6LfvNecqAAAAAKk2S8Yd2AeyZR5MUnyv5kB7Aior\"><\/script>\n<script type=\"text\/javascript\">\n\n  function sending(){\n\n    let readyToSend = document.getElementById(\"mainForm\").checkValidity();\n\n    if(readyToSend){\n\/\/Captcha Google\n      grecaptcha.ready(function() {\n        grecaptcha.execute('6LfvNecqAAAAAKk2S8Yd2AeyZR5MUnyv5kB7Aior', {action: 'submit'}).then(function(token) {\n          document.getElementById('captcha-response').value = token;\n\n          document.getElementById(\"main\").classList.add(\"d-none\");\n          document.getElementById(\"loading\").classList.remove(\"d-none\");\n          \n          document.forms[\"mainForm\"].submit();\n        });\n      });\n    }\n  }\n\n<\/script>\n\n\n\n<p><\/p>\n","protected":false},"excerpt":{"rendered":"<p>LES ADH\u00c9SIONS SONT FERM\u00c9ES R\u00c9OUVERTURE EN FIN D&rsquo;ANN\u00c9E, \u00c0 LA DATE DE LA PROCHAINE AG Apr\u00e8s avoir cliqu\u00e9 sur \u00ab\u00a0Valider votre demande\u00a0\u00bb, vous recevrez dans l&rsquo;heure un mail de confirmation sur l&rsquo;adresse que vous avez indiqu\u00e9. Si cela n&rsquo;est pas le cas, c&rsquo;est que votre demande n&rsquo;a pas \u00e9t\u00e9 prise en compte. Si vous n&rsquo;\u00eates [&hellip;]<\/p>\n","protected":false},"author":1,"featured_media":0,"parent":0,"menu_order":0,"comment_status":"closed","ping_status":"closed","template":"","meta":{"footnotes":""},"class_list":["post-18","page","type-page","status-publish","hentry"],"yoast_head":"<!-- This site is optimized with the Yoast SEO plugin v26.8 - https:\/\/yoast.com\/product\/yoast-seo-wordpress\/ -->\n<title>Adh\u00e9sions - L&#039;Abeille Ardennaise<\/title>\n<meta name=\"robots\" content=\"index, follow, max-snippet:-1, max-image-preview:large, max-video-preview:-1\" \/>\n<link rel=\"canonical\" href=\"https:\/\/labeilleardennaise.fr\/index.php\/adhesions-fermees\/\" \/>\n<meta property=\"og:locale\" content=\"fr_FR\" \/>\n<meta property=\"og:type\" content=\"article\" \/>\n<meta property=\"og:title\" content=\"Adh\u00e9sions - L&#039;Abeille Ardennaise\" \/>\n<meta property=\"og:description\" content=\"LES ADH\u00c9SIONS SONT FERM\u00c9ES R\u00c9OUVERTURE EN FIN D&rsquo;ANN\u00c9E, \u00c0 LA DATE DE LA PROCHAINE AG Apr\u00e8s avoir cliqu\u00e9 sur \u00ab\u00a0Valider votre demande\u00a0\u00bb, vous recevrez dans l&rsquo;heure un mail de confirmation sur l&rsquo;adresse que vous avez indiqu\u00e9. Si cela n&rsquo;est pas le cas, c&rsquo;est que votre demande n&rsquo;a pas \u00e9t\u00e9 prise en compte. Si vous n&rsquo;\u00eates [&hellip;]\" \/>\n<meta property=\"og:url\" content=\"https:\/\/labeilleardennaise.fr\/index.php\/adhesions-fermees\/\" \/>\n<meta property=\"og:site_name\" content=\"L&#039;Abeille Ardennaise\" \/>\n<meta property=\"article:modified_time\" content=\"2026-01-23T11:12:22+00:00\" \/>\n<meta name=\"twitter:card\" content=\"summary_large_image\" \/>\n<meta name=\"twitter:label1\" content=\"Dur\u00e9e de lecture estim\u00e9e\" \/>\n\t<meta name=\"twitter:data1\" content=\"1 minute\" \/>\n<script type=\"application\/ld+json\" class=\"yoast-schema-graph\">{\"@context\":\"https:\/\/schema.org\",\"@graph\":[{\"@type\":\"WebPage\",\"@id\":\"https:\/\/labeilleardennaise.fr\/index.php\/adhesions-fermees\/\",\"url\":\"https:\/\/labeilleardennaise.fr\/index.php\/adhesions-fermees\/\",\"name\":\"Adh\u00e9sions - L&#039;Abeille Ardennaise\",\"isPartOf\":{\"@id\":\"https:\/\/labeilleardennaise.fr\/#website\"},\"datePublished\":\"2021-09-25T08:41:29+00:00\",\"dateModified\":\"2026-01-23T11:12:22+00:00\",\"breadcrumb\":{\"@id\":\"https:\/\/labeilleardennaise.fr\/index.php\/adhesions-fermees\/#breadcrumb\"},\"inLanguage\":\"fr-FR\",\"potentialAction\":[{\"@type\":\"ReadAction\",\"target\":[\"https:\/\/labeilleardennaise.fr\/index.php\/adhesions-fermees\/\"]}]},{\"@type\":\"BreadcrumbList\",\"@id\":\"https:\/\/labeilleardennaise.fr\/index.php\/adhesions-fermees\/#breadcrumb\",\"itemListElement\":[{\"@type\":\"ListItem\",\"position\":1,\"name\":\"Accueil\",\"item\":\"https:\/\/labeilleardennaise.fr\/\"},{\"@type\":\"ListItem\",\"position\":2,\"name\":\"Adh\u00e9sions\"}]},{\"@type\":\"WebSite\",\"@id\":\"https:\/\/labeilleardennaise.fr\/#website\",\"url\":\"https:\/\/labeilleardennaise.fr\/\",\"name\":\"L'Abeille Ardennaise\",\"description\":\"Syndicat d\u00e9partemental d&#039;apiculture des Ardennes\",\"publisher\":{\"@id\":\"https:\/\/labeilleardennaise.fr\/#organization\"},\"potentialAction\":[{\"@type\":\"SearchAction\",\"target\":{\"@type\":\"EntryPoint\",\"urlTemplate\":\"https:\/\/labeilleardennaise.fr\/?s={search_term_string}\"},\"query-input\":{\"@type\":\"PropertyValueSpecification\",\"valueRequired\":true,\"valueName\":\"search_term_string\"}}],\"inLanguage\":\"fr-FR\"},{\"@type\":\"Organization\",\"@id\":\"https:\/\/labeilleardennaise.fr\/#organization\",\"name\":\"L'Abeille Ardennaise\",\"url\":\"https:\/\/labeilleardennaise.fr\/\",\"logo\":{\"@type\":\"ImageObject\",\"inLanguage\":\"fr-FR\",\"@id\":\"https:\/\/labeilleardennaise.fr\/#\/schema\/logo\/image\/\",\"url\":\"https:\/\/labeilleardennaise.fr\/wp-content\/uploads\/2021\/09\/aa2.png\",\"contentUrl\":\"https:\/\/labeilleardennaise.fr\/wp-content\/uploads\/2021\/09\/aa2.png\",\"width\":200,\"height\":200,\"caption\":\"L'Abeille Ardennaise\"},\"image\":{\"@id\":\"https:\/\/labeilleardennaise.fr\/#\/schema\/logo\/image\/\"}}]}<\/script>\n<!-- \/ Yoast SEO plugin. -->","yoast_head_json":{"title":"Adh\u00e9sions - L&#039;Abeille Ardennaise","robots":{"index":"index","follow":"follow","max-snippet":"max-snippet:-1","max-image-preview":"max-image-preview:large","max-video-preview":"max-video-preview:-1"},"canonical":"https:\/\/labeilleardennaise.fr\/index.php\/adhesions-fermees\/","og_locale":"fr_FR","og_type":"article","og_title":"Adh\u00e9sions - L&#039;Abeille Ardennaise","og_description":"LES ADH\u00c9SIONS SONT FERM\u00c9ES R\u00c9OUVERTURE EN FIN D&rsquo;ANN\u00c9E, \u00c0 LA DATE DE LA PROCHAINE AG Apr\u00e8s avoir cliqu\u00e9 sur \u00ab\u00a0Valider votre demande\u00a0\u00bb, vous recevrez dans l&rsquo;heure un mail de confirmation sur l&rsquo;adresse que vous avez indiqu\u00e9. Si cela n&rsquo;est pas le cas, c&rsquo;est que votre demande n&rsquo;a pas \u00e9t\u00e9 prise en compte. Si vous n&rsquo;\u00eates [&hellip;]","og_url":"https:\/\/labeilleardennaise.fr\/index.php\/adhesions-fermees\/","og_site_name":"L&#039;Abeille Ardennaise","article_modified_time":"2026-01-23T11:12:22+00:00","twitter_card":"summary_large_image","twitter_misc":{"Dur\u00e9e de lecture estim\u00e9e":"1 minute"},"schema":{"@context":"https:\/\/schema.org","@graph":[{"@type":"WebPage","@id":"https:\/\/labeilleardennaise.fr\/index.php\/adhesions-fermees\/","url":"https:\/\/labeilleardennaise.fr\/index.php\/adhesions-fermees\/","name":"Adh\u00e9sions - L&#039;Abeille Ardennaise","isPartOf":{"@id":"https:\/\/labeilleardennaise.fr\/#website"},"datePublished":"2021-09-25T08:41:29+00:00","dateModified":"2026-01-23T11:12:22+00:00","breadcrumb":{"@id":"https:\/\/labeilleardennaise.fr\/index.php\/adhesions-fermees\/#breadcrumb"},"inLanguage":"fr-FR","potentialAction":[{"@type":"ReadAction","target":["https:\/\/labeilleardennaise.fr\/index.php\/adhesions-fermees\/"]}]},{"@type":"BreadcrumbList","@id":"https:\/\/labeilleardennaise.fr\/index.php\/adhesions-fermees\/#breadcrumb","itemListElement":[{"@type":"ListItem","position":1,"name":"Accueil","item":"https:\/\/labeilleardennaise.fr\/"},{"@type":"ListItem","position":2,"name":"Adh\u00e9sions"}]},{"@type":"WebSite","@id":"https:\/\/labeilleardennaise.fr\/#website","url":"https:\/\/labeilleardennaise.fr\/","name":"L'Abeille Ardennaise","description":"Syndicat d\u00e9partemental d&#039;apiculture des Ardennes","publisher":{"@id":"https:\/\/labeilleardennaise.fr\/#organization"},"potentialAction":[{"@type":"SearchAction","target":{"@type":"EntryPoint","urlTemplate":"https:\/\/labeilleardennaise.fr\/?s={search_term_string}"},"query-input":{"@type":"PropertyValueSpecification","valueRequired":true,"valueName":"search_term_string"}}],"inLanguage":"fr-FR"},{"@type":"Organization","@id":"https:\/\/labeilleardennaise.fr\/#organization","name":"L'Abeille Ardennaise","url":"https:\/\/labeilleardennaise.fr\/","logo":{"@type":"ImageObject","inLanguage":"fr-FR","@id":"https:\/\/labeilleardennaise.fr\/#\/schema\/logo\/image\/","url":"https:\/\/labeilleardennaise.fr\/wp-content\/uploads\/2021\/09\/aa2.png","contentUrl":"https:\/\/labeilleardennaise.fr\/wp-content\/uploads\/2021\/09\/aa2.png","width":200,"height":200,"caption":"L'Abeille Ardennaise"},"image":{"@id":"https:\/\/labeilleardennaise.fr\/#\/schema\/logo\/image\/"}}]}},"_links":{"self":[{"href":"https:\/\/labeilleardennaise.fr\/index.php\/wp-json\/wp\/v2\/pages\/18","targetHints":{"allow":["GET"]}}],"collection":[{"href":"https:\/\/labeilleardennaise.fr\/index.php\/wp-json\/wp\/v2\/pages"}],"about":[{"href":"https:\/\/labeilleardennaise.fr\/index.php\/wp-json\/wp\/v2\/types\/page"}],"author":[{"embeddable":true,"href":"https:\/\/labeilleardennaise.fr\/index.php\/wp-json\/wp\/v2\/users\/1"}],"replies":[{"embeddable":true,"href":"https:\/\/labeilleardennaise.fr\/index.php\/wp-json\/wp\/v2\/comments?post=18"}],"version-history":[{"count":199,"href":"https:\/\/labeilleardennaise.fr\/index.php\/wp-json\/wp\/v2\/pages\/18\/revisions"}],"predecessor-version":[{"id":1004,"href":"https:\/\/labeilleardennaise.fr\/index.php\/wp-json\/wp\/v2\/pages\/18\/revisions\/1004"}],"wp:attachment":[{"href":"https:\/\/labeilleardennaise.fr\/index.php\/wp-json\/wp\/v2\/media?parent=18"}],"curies":[{"name":"wp","href":"https:\/\/api.w.org\/{rel}","templated":true}]}}